{"id":25,"date":"2021-01-01T00:00:00","date_gmt":"2020-12-31T23:00:00","guid":{"rendered":"http:\/\/obwodnicamilicza.pl\/?page_id=25"},"modified":"2025-10-03T13:32:21","modified_gmt":"2025-10-03T11:32:21","slug":"a4balice","status":"publish","type":"page","link":"http:\/\/a4-balice-krakowpoludnie-stes.pl\/","title":{"rendered":"Rozbudowa autostrady A4 od w\u0119z\u0142a Balice do ul. K\u0105pielowej w Krakowie o trzeci pas ruchu"},"content":{"rendered":"\n<section id=\"gm06695db\" class=\"wp-block-gutentor-m4 section-gm06695db gutentor-module gutentor-advanced-columns gutentor-equal-column-height\"><div class=\"grid-container\"><div class=\"grid-row\">\n<div id=\"col-gm1dd636\" class=\"wp-block-gutentor-m4-col col-gm1dd636 gutentor-single-column  grid-lg-2 grid-md-12 grid-12\"><div id=\"section-gm1dd636\" class=\"section-gm1dd636 gutentor-col-wrap\">\n<div id=\"section-gb9e712\" class=\"wp-block-gutentor-e1 section-gb9e712 gutentor-element gutentor-element-advanced-text text-align-left-desktop\"><div class=\"gutentor-text-wrap\"><p class=\"gutentor-text\"> Aktualno\u015bci<\/p><\/div><\/div>\n\n\n<section class=\"gutentor-section gutentor-blog-post-wrapper blog-template1 wp-block-gutentor-blog-post\" id=\"section-7b0ab8b9-6e21-4af5-9959-a3f44a2cfc92\">\n<div class='grid-container'><div class=\"gutentor-block-header\"><\/div><div class='gutentor-grid-item-wrap '><div class='grid-row  gutentor-rm-row-space-d gutentor-rm-row-space-t gutentor-rm-row-space '><article class='gutentor-post-has-thumb  grid-lg-12 grid-md-4 grid-12  gutentor-rm-col-space-d blog-grid'><div class=\"gutentor-single-item\"><div class=\"gutentor-post-content\"><h3 class=\"gutentor-single-item-title\"><a href=\"http:\/\/a4-balice-krakowpoludnie-stes.pl\/index.php\/2025\/10\/01\/aktualizacja-do-01-10-2025\/\" rel=\"bookmark\">Aktualizacja do 01.10.2025<\/a><\/h3><div class=\"entry-meta\"><div class=\"posted-on\"><i class=\"far fa-calendar-alt\"><\/i><a href=\"http:\/\/a4-balice-krakowpoludnie-stes.pl\/index.php\/2025\/10\/01\/aktualizacja-do-01-10-2025\/\" rel=\"bookmark\">\u015broda, 01\/10\/2025r.<\/a><\/div><\/div><a class=\"gutentor-button gutentor-single-item-button gutentor-icon-hide\" href=\"http:\/\/a4-balice-krakowpoludnie-stes.pl\/index.php\/2025\/10\/01\/aktualizacja-do-01-10-2025\/\"><i class=\"gutentor-button-icon fa fa-angle-double-right\"><\/i><span><\/span><\/a><\/div><\/div><\/article><article class='gutentor-post-has-thumb  grid-lg-12 grid-md-4 grid-12  gutentor-rm-col-space-d blog-grid'><div class=\"gutentor-single-item\"><div class=\"gutentor-post-content\"><h3 class=\"gutentor-single-item-title\"><a href=\"http:\/\/a4-balice-krakowpoludnie-stes.pl\/index.php\/2025\/01\/02\/aktualizacja-do-01-01-2025\/\" rel=\"bookmark\">Aktualizacja do 01.01.2025<\/a><\/h3><div class=\"entry-meta\"><div class=\"posted-on\"><i class=\"far fa-calendar-alt\"><\/i><a href=\"http:\/\/a4-balice-krakowpoludnie-stes.pl\/index.php\/2025\/01\/02\/aktualizacja-do-01-01-2025\/\" rel=\"bookmark\">czwartek, 02\/01\/2025r.<\/a><\/div><\/div><a class=\"gutentor-button gutentor-single-item-button gutentor-icon-hide\" href=\"http:\/\/a4-balice-krakowpoludnie-stes.pl\/index.php\/2025\/01\/02\/aktualizacja-do-01-01-2025\/\"><i class=\"gutentor-button-icon fa fa-angle-double-right\"><\/i><span><\/span><\/a><\/div><\/div><\/article><article class='gutentor-post-has-thumb  grid-lg-12 grid-md-4 grid-12  gutentor-rm-col-space-d blog-grid'><div class=\"gutentor-single-item\"><div class=\"gutentor-post-content\"><h3 class=\"gutentor-single-item-title\"><a href=\"http:\/\/a4-balice-krakowpoludnie-stes.pl\/index.php\/2024\/07\/11\/raport-ze-spotkan-spolecznych\/\" rel=\"bookmark\">Raport ze spotka\u0144 spo\u0142ecznych<\/a><\/h3><div class=\"entry-meta\"><div class=\"posted-on\"><i class=\"far fa-calendar-alt\"><\/i><a href=\"http:\/\/a4-balice-krakowpoludnie-stes.pl\/index.php\/2024\/07\/11\/raport-ze-spotkan-spolecznych\/\" rel=\"bookmark\">czwartek, 11\/07\/2024r.<\/a><\/div><\/div><a class=\"gutentor-button gutentor-single-item-button gutentor-icon-hide\" href=\"http:\/\/a4-balice-krakowpoludnie-stes.pl\/index.php\/2024\/07\/11\/raport-ze-spotkan-spolecznych\/\"><i class=\"gutentor-button-icon fa fa-angle-double-right\"><\/i><span><\/span><\/a><\/div><\/div><\/article><article class='gutentor-post-has-thumb  grid-lg-12 grid-md-4 grid-12  gutentor-rm-col-space-d blog-grid'><div class=\"gutentor-single-item\"><div class=\"gutentor-post-content\"><h3 class=\"gutentor-single-item-title\"><a href=\"http:\/\/a4-balice-krakowpoludnie-stes.pl\/index.php\/2024\/03\/01\/aktualizacja-do-01-03-2024\/\" rel=\"bookmark\">Aktualizacja do 01.03.2024<\/a><\/h3><div class=\"entry-meta\"><div class=\"posted-on\"><i class=\"far fa-calendar-alt\"><\/i><a href=\"http:\/\/a4-balice-krakowpoludnie-stes.pl\/index.php\/2024\/03\/01\/aktualizacja-do-01-03-2024\/\" rel=\"bookmark\">pi\u0105tek, 01\/03\/2024r.<\/a><\/div><\/div><a class=\"gutentor-button gutentor-single-item-button gutentor-icon-hide\" href=\"http:\/\/a4-balice-krakowpoludnie-stes.pl\/index.php\/2024\/03\/01\/aktualizacja-do-01-03-2024\/\"><i class=\"gutentor-button-icon fa fa-angle-double-right\"><\/i><span><\/span><\/a><\/div><\/div><\/article><article class='gutentor-post-has-thumb  grid-lg-12 grid-md-4 grid-12  gutentor-rm-col-space-d blog-grid'><div class=\"gutentor-single-item\"><div class=\"gutentor-post-content\"><h3 class=\"gutentor-single-item-title\"><a href=\"http:\/\/a4-balice-krakowpoludnie-stes.pl\/index.php\/2024\/01\/26\/miasto-krakow-01-02-2024\/\" rel=\"bookmark\">Miasto Krak\u00f3w 01.02.2024<\/a><\/h3><div class=\"entry-meta\"><div class=\"posted-on\"><i class=\"far fa-calendar-alt\"><\/i><a href=\"http:\/\/a4-balice-krakowpoludnie-stes.pl\/index.php\/2024\/01\/26\/miasto-krakow-01-02-2024\/\" rel=\"bookmark\">pi\u0105tek, 26\/01\/2024r.<\/a><\/div><\/div><a class=\"gutentor-button gutentor-single-item-button gutentor-icon-hide\" href=\"http:\/\/a4-balice-krakowpoludnie-stes.pl\/index.php\/2024\/01\/26\/miasto-krakow-01-02-2024\/\"><i class=\"gutentor-button-icon fa fa-angle-double-right\"><\/i><span><\/span><\/a><\/div><\/div><\/article><article class='gutentor-post-has-thumb  grid-lg-12 grid-md-4 grid-12  gutentor-rm-col-space-d blog-grid'><div class=\"gutentor-single-item\"><div class=\"gutentor-post-content\"><h3 class=\"gutentor-single-item-title\"><a href=\"http:\/\/a4-balice-krakowpoludnie-stes.pl\/index.php\/2024\/01\/26\/aktualizacja-do-26-01-2024\/\" rel=\"bookmark\">Aktualizacja do 26.01.2024<\/a><\/h3><div class=\"entry-meta\"><div class=\"posted-on\"><i class=\"far fa-calendar-alt\"><\/i><a href=\"http:\/\/a4-balice-krakowpoludnie-stes.pl\/index.php\/2024\/01\/26\/aktualizacja-do-26-01-2024\/\" rel=\"bookmark\">pi\u0105tek, 26\/01\/2024r.<\/a><\/div><\/div><a class=\"gutentor-button gutentor-single-item-button gutentor-icon-hide\" href=\"http:\/\/a4-balice-krakowpoludnie-stes.pl\/index.php\/2024\/01\/26\/aktualizacja-do-26-01-2024\/\"><i class=\"gutentor-button-icon fa fa-angle-double-right\"><\/i><span><\/span><\/a><\/div><\/div><\/article><article class='gutentor-post-has-thumb  grid-lg-12 grid-md-4 grid-12  gutentor-rm-col-space-d blog-grid'><div class=\"gutentor-single-item\"><div class=\"gutentor-post-content\"><h3 class=\"gutentor-single-item-title\"><a href=\"http:\/\/a4-balice-krakowpoludnie-stes.pl\/index.php\/2024\/01\/04\/miasto-krakow-25-01-2024\/\" rel=\"bookmark\">Miasto Krak\u00f3w 25.01.2024<\/a><\/h3><div class=\"entry-meta\"><div class=\"posted-on\"><i class=\"far fa-calendar-alt\"><\/i><a href=\"http:\/\/a4-balice-krakowpoludnie-stes.pl\/index.php\/2024\/01\/04\/miasto-krakow-25-01-2024\/\" rel=\"bookmark\">czwartek, 04\/01\/2024r.<\/a><\/div><\/div><a class=\"gutentor-button gutentor-single-item-button gutentor-icon-hide\" href=\"http:\/\/a4-balice-krakowpoludnie-stes.pl\/index.php\/2024\/01\/04\/miasto-krakow-25-01-2024\/\"><i class=\"gutentor-button-icon fa fa-angle-double-right\"><\/i><span><\/span><\/a><\/div><\/div><\/article><article class='gutentor-post-has-thumb  grid-lg-12 grid-md-4 grid-12  gutentor-rm-col-space-d blog-grid'><div class=\"gutentor-single-item\"><div class=\"gutentor-post-content\"><h3 class=\"gutentor-single-item-title\"><a href=\"http:\/\/a4-balice-krakowpoludnie-stes.pl\/index.php\/2024\/01\/04\/miasto-krakow-17-01-2024\/\" rel=\"bookmark\">Miasto Krak\u00f3w 17.01.2024<\/a><\/h3><div class=\"entry-meta\"><div class=\"posted-on\"><i class=\"far fa-calendar-alt\"><\/i><a href=\"http:\/\/a4-balice-krakowpoludnie-stes.pl\/index.php\/2024\/01\/04\/miasto-krakow-17-01-2024\/\" rel=\"bookmark\">czwartek, 04\/01\/2024r.<\/a><\/div><\/div><a class=\"gutentor-button gutentor-single-item-button gutentor-icon-hide\" href=\"http:\/\/a4-balice-krakowpoludnie-stes.pl\/index.php\/2024\/01\/04\/miasto-krakow-17-01-2024\/\"><i class=\"gutentor-button-icon fa fa-angle-double-right\"><\/i><span><\/span><\/a><\/div><\/div><\/article><article class='gutentor-post-has-thumb  grid-lg-12 grid-md-4 grid-12  gutentor-rm-col-space-d blog-grid'><div class=\"gutentor-single-item\"><div class=\"gutentor-post-content\"><h3 class=\"gutentor-single-item-title\"><a href=\"http:\/\/a4-balice-krakowpoludnie-stes.pl\/index.php\/2023\/12\/21\/aktualizacja-do-21-12-2023\/\" rel=\"bookmark\">Aktualizacja do 21.12.2023<\/a><\/h3><div class=\"entry-meta\"><div class=\"posted-on\"><i class=\"far fa-calendar-alt\"><\/i><a href=\"http:\/\/a4-balice-krakowpoludnie-stes.pl\/index.php\/2023\/12\/21\/aktualizacja-do-21-12-2023\/\" rel=\"bookmark\">czwartek, 21\/12\/2023r.<\/a><\/div><\/div><a class=\"gutentor-button gutentor-single-item-button gutentor-icon-hide\" href=\"http:\/\/a4-balice-krakowpoludnie-stes.pl\/index.php\/2023\/12\/21\/aktualizacja-do-21-12-2023\/\"><i class=\"gutentor-button-icon fa fa-angle-double-right\"><\/i><span><\/span><\/a><\/div><\/div><\/article><article class='gutentor-post-has-thumb  grid-lg-12 grid-md-4 grid-12  gutentor-rm-col-space-d blog-grid'><div class=\"gutentor-single-item\"><div class=\"gutentor-post-content\"><h3 class=\"gutentor-single-item-title\"><a href=\"http:\/\/a4-balice-krakowpoludnie-stes.pl\/index.php\/2023\/12\/19\/aktualizacja-do-18-12-2023\/\" rel=\"bookmark\">Aktualizacja do 18.12.2023<\/a><\/h3><div class=\"entry-meta\"><div class=\"posted-on\"><i class=\"far fa-calendar-alt\"><\/i><a href=\"http:\/\/a4-balice-krakowpoludnie-stes.pl\/index.php\/2023\/12\/19\/aktualizacja-do-18-12-2023\/\" rel=\"bookmark\">wtorek, 19\/12\/2023r.<\/a><\/div><\/div><a class=\"gutentor-button gutentor-single-item-button gutentor-icon-hide\" href=\"http:\/\/a4-balice-krakowpoludnie-stes.pl\/index.php\/2023\/12\/19\/aktualizacja-do-18-12-2023\/\"><i class=\"gutentor-button-icon fa fa-angle-double-right\"><\/i><span><\/span><\/a><\/div><\/div><\/article><\/div><\/div><\/div><\/section>\n\n\n<div id=\"section-g4185da\" class=\"wp-block-gutentor-e1 section-g4185da gutentor-element gutentor-element-advanced-text text-align-justify-desktop\"><div class=\"gutentor-text-wrap\"><p class=\"gutentor-text\">Wyp\u0142ata odszkodowania za nieruchomo\u015bci przej\u0119te pod budow\u0119 dr\u00f3g krajowych<\/p><\/div><\/div>\n\n\n\n<div id=\"section-g03a858\" class=\"wp-block-gutentor-e2 section-g03a858 gutentor-element gutentor-element-button button-align-center-desktop\"><span class=\"gutentor-button-wrap\"><a class=\"gutentor-button gutentor-block-button gutentor-icon-before\" href=\"https:\/\/www.gov.pl\/web\/gddkia\/iii-wyplata-odszkodowania\" target=\"_blank\" rel=\" noopener noreferrer\"><i class=\"gutentor-button-icon fas fa-arrow-alt-circle-right\"><\/i><span>WYP\u0141ATA ODZSZKODOWA\u0143<\/span><\/a><\/span><\/div>\n<\/div><\/div>\n\n\n\n<div id=\"col-gmcc0074\" class=\"wp-block-gutentor-m4-col col-gmcc0074 gutentor-single-column  grid-lg-10 grid-md-12 grid-12\"><div id=\"section-gmcc0074\" class=\"section-gmcc0074 gutentor-col-wrap\">\n<div id=\"section-g4ec89b\" class=\"wp-block-gutentor-e6 section-g4ec89b gutentor-element gutentor-element-image text-align-center-desktop\"><div class=\"gutentor-element-image-box\"><div class=\"gutentor-image-thumb\"><img decoding=\"async\" class=\"normal-image\" src=\"http:\/\/a4-balice-krakowpoludnie-stes.pl\/wp-content\/uploads\/2023\/01\/empty2-e1685074195343.png\" \/><\/div><\/div><\/div>\n\n\n\n<div id=\"section-g7e00ed\" class=\"wp-block-gutentor-e1 alignwide section-g7e00ed gutentor-element gutentor-element-advanced-text text-align-center-desktop\"><div class=\"gutentor-text-wrap\"><h3 class=\"gutentor-text\"><strong><span style=\"color:#f88c00\" class=\"has-inline-color\">\/<\/span>NAZWA KONTRAKTU<\/strong><\/h3><\/div><\/div>\n\n\n\n<div id=\"section-g76bc04\" class=\"wp-block-gutentor-e6 section-g76bc04 gutentor-element gutentor-element-image text-align-left-desktop\"><div class=\"gutentor-element-image-box\"><div class=\"gutentor-image-thumb\"><img decoding=\"async\" class=\"normal-image\" src=\"http:\/\/a4-balice-krakowpoludnie-stes.pl\/wp-content\/uploads\/2023\/01\/quote_up.png\" \/><\/div><\/div><\/div>\n\n\n\n<div id=\"section-gda82c7\" class=\"wp-block-gutentor-e1 section-gda82c7 gutentor-element gutentor-element-advanced-text text-align-center-desktop\"><div class=\"gutentor-text-wrap\"><p class=\"gutentor-text\">Opracowanie kompleksowej dokumentacji projektowej Studium-Techniczno-Ekonomiczno-\u015arodowiskowego (STE\u015a) oraz materia\u0142\u00f3w do decyzji o \u015brodowiskowych uwarunkowaniach (D\u015aU) wraz z jej uzyskaniem dla zadania pn.: \u201eRozbudowa autostrady A4 od w\u0119z\u0142a Balice do ul. K\u0105pielowej w Krakowie o trzeci pas ruchu\u201d<\/p><\/div><\/div>\n\n\n\n<div id=\"section-g8d6a08\" class=\"wp-block-gutentor-e6 section-g8d6a08 gutentor-element gutentor-element-image text-align-right-desktop\"><div class=\"gutentor-element-image-box\"><div class=\"gutentor-image-thumb\"><img decoding=\"async\" class=\"normal-image\" src=\"http:\/\/a4-balice-krakowpoludnie-stes.pl\/wp-content\/uploads\/2023\/01\/quote_down.png\" \/><\/div><\/div><\/div>\n\n\n\n<p>Opracowanie kompleksowej dokumentacji projektowej Studium-Techniczno-Ekonomiczno-\u015arodowiskowego (STE\u015a) oraz materia\u0142\u00f3w do decyzji o \u015brodowiskowych uwarunkowaniach (D\u015aU) wraz z jej uzyskaniem dla zadania pn.: \u201eRozbudowa autostrady A4 od w\u0119z\u0142a Balice do ul. K\u0105pielowej w Krakowie o trzeci pas ruchu\u201d<br>Projekt realizowany dla GDDKiA Oddzia\u0142 w Krakowie.<\/p>\n\n\n\n<p><strong>ZAKRES PODSTAWOWY<\/strong><br>Od w\u0119z\u0142a Krak\u00f3w Balice do ul. K\u0105pielowej w Krakowie<br><strong>D\u0142ugo\u015b\u0107<\/strong>: oko\u0142o 17,2 km<\/p>\n\n\n\n<p><strong>ZAKRES PRAWA OPCJI:<br><\/strong>Od w\u0119z\u0142a Krak\u00f3w Balice I do w\u0119z\u0142a Modlniczka (z wy\u0142\u0105czeniem w\u0119z\u0142a)<br><strong>D\u0142ugo\u015b\u0107: <\/strong>oko\u0142o 2,9 km<\/p>\n<\/div><\/div>\n<\/div><\/div><\/section>\n\n\n\n<section id=\"gm192680d\" class=\"wp-block-gutentor-m4 section-gm192680d gutentor-module gutentor-advanced-columns gutentor-equal-column-height\"><div class=\"grid-container\"><div class=\"grid-row\">\n<div id=\"col-gm069f40\" class=\"wp-block-gutentor-m4-col col-gm069f40 gutentor-single-column  grid-lg-2m3 grid-md-12 grid-12\"><div id=\"section-gm069f40\" class=\"section-gm069f40 gutentor-col-wrap\"><\/div><\/div>\n\n\n\n<div id=\"col-gm6df398\" class=\"wp-block-gutentor-m4-col col-gm6df398 gutentor-single-column  grid-lg-2m3 grid-md-12 grid-12\"><div id=\"section-gm6df398\" class=\"section-gm6df398 gutentor-col-wrap\"><div class=\"wp-block-image\">\n<figure class=\"aligncenter size-full is-resized\"><img loading=\"lazy\" decoding=\"async\" width=\"868\" height=\"444\" src=\"http:\/\/a4-balice-krakowpoludnie-stes.pl\/wp-content\/uploads\/2023\/05\/gddkia_krakow_.png\" alt=\"\" class=\"wp-image-5039\" style=\"width:217px;height:111px\" srcset=\"http:\/\/a4-balice-krakowpoludnie-stes.pl\/wp-content\/uploads\/2023\/05\/gddkia_krakow_.png 868w, http:\/\/a4-balice-krakowpoludnie-stes.pl\/wp-content\/uploads\/2023\/05\/gddkia_krakow_-300x153.png 300w, http:\/\/a4-balice-krakowpoludnie-stes.pl\/wp-content\/uploads\/2023\/05\/gddkia_krakow_-768x393.png 768w\" sizes=\"auto, (max-width: 868px) 100vw, 868px\" \/><\/figure>\n<\/div>\n\n\n<div id=\"section-g282d4f\" class=\"wp-block-gutentor-e1 section-g282d4f gutentor-element gutentor-element-advanced-text text-align-left-desktop\"><div class=\"gutentor-text-wrap\"><p class=\"gutentor-text\">\/ <mark style=\"color:#7a7a7a\" class=\"has-inline-color\">ZAMAWIAJ\u0104CY<\/mark><\/p><\/div><\/div>\n\n\n\n<div id=\"section-g6453ad\" class=\"wp-block-gutentor-e1 section-g6453ad gutentor-element gutentor-element-advanced-text text-align-left-desktop\"><div class=\"gutentor-text-wrap\"><p class=\"gutentor-text\">Generalna Dyrekcja Dr\u00f3g<br>Krajowych i Autostrad,<br>Oddzia\u0142 w Krakowie<\/p><\/div><\/div>\n\n\n\n<div id=\"section-g7189a5\" class=\"wp-block-gutentor-e1 section-g7189a5 gutentor-element gutentor-element-advanced-text text-align-left-desktop\"><div class=\"gutentor-text-wrap\"><p class=\"gutentor-text\"><span style=\"text-decoration: underline\"><a href=\"https:\/\/www.gov.pl\/web\/gddkia-krakow\/\">gov.pl\/web\/gddkia-krakow<\/a><\/span><\/p><\/div><\/div>\n<\/div><\/div>\n\n\n\n<div id=\"col-gm550768\" class=\"wp-block-gutentor-m4-col col-gm550768 gutentor-single-column  grid-lg-2m3 grid-md-12 grid-12\"><div id=\"section-gm550768\" class=\"section-gm550768 gutentor-col-wrap\"><\/div><\/div>\n\n\n\n<div id=\"col-gmfab300\" class=\"wp-block-gutentor-m4-col col-gmfab300 gutentor-single-column  grid-lg-2m3 grid-md-12 grid-12\"><div id=\"section-gmfab300\" class=\"section-gmfab300 gutentor-col-wrap\"><div class=\"wp-block-image\">\n<figure class=\"aligncenter size-full is-resized\"><img loading=\"lazy\" decoding=\"async\" width=\"5828\" height=\"2555\" src=\"http:\/\/a4-balice-krakowpoludnie-stes.pl\/wp-content\/uploads\/2023\/02\/logo.png\" alt=\"\" class=\"wp-image-4596\" style=\"width:253px;height:111px\" srcset=\"http:\/\/a4-balice-krakowpoludnie-stes.pl\/wp-content\/uploads\/2023\/02\/logo.png 5828w, http:\/\/a4-balice-krakowpoludnie-stes.pl\/wp-content\/uploads\/2023\/02\/logo-300x132.png 300w, http:\/\/a4-balice-krakowpoludnie-stes.pl\/wp-content\/uploads\/2023\/02\/logo-1024x449.png 1024w, http:\/\/a4-balice-krakowpoludnie-stes.pl\/wp-content\/uploads\/2023\/02\/logo-768x337.png 768w, http:\/\/a4-balice-krakowpoludnie-stes.pl\/wp-content\/uploads\/2023\/02\/logo-1536x673.png 1536w, http:\/\/a4-balice-krakowpoludnie-stes.pl\/wp-content\/uploads\/2023\/02\/logo-2048x898.png 2048w\" sizes=\"auto, (max-width: 5828px) 100vw, 5828px\" \/><\/figure>\n<\/div>\n\n\n<div id=\"section-g77587e\" class=\"wp-block-gutentor-e1 section-g77587e gutentor-element gutentor-element-advanced-text text-align-left-desktop\"><div class=\"gutentor-text-wrap\"><p class=\"gutentor-text\">\/ <mark style=\"color:#7a7a7a\" class=\"has-inline-color\">WYKONAWCA<\/mark><\/p><\/div><\/div>\n\n\n\n<div id=\"section-gd5daf3\" class=\"wp-block-gutentor-e1 section-gd5daf3 gutentor-element gutentor-element-advanced-text text-align-left-desktop\"><div class=\"gutentor-text-wrap\"><p class=\"gutentor-text\">IVIA Sp. z o.o.<br>Al. W. Ro\u017adzie\u0144skiego 91<br>40-203 Katowice<\/p><\/div><\/div>\n\n\n\n<div id=\"section-g86997f\" class=\"wp-block-gutentor-e1 section-g86997f gutentor-element gutentor-element-advanced-text text-align-left-desktop\"><div class=\"gutentor-text-wrap\"><p class=\"gutentor-text\"><span style=\"text-decoration: underline\"><a href=\"https:\/\/www.ivia.pl\">ivia.pl<\/a><\/span><\/p><\/div><\/div>\n<\/div><\/div>\n\n\n\n<div id=\"col-gm7f36a3\" class=\"wp-block-gutentor-m4-col col-gm7f36a3 gutentor-single-column  grid-lg-2m3 grid-md-12 grid-12\"><div id=\"section-gm7f36a3\" class=\"section-gm7f36a3 gutentor-col-wrap\"><\/div><\/div>\n<\/div><\/div><\/section>\n\n\n\n<p><\/p>\n","protected":false},"excerpt":{"rendered":"","protected":false},"author":1,"featured_media":0,"parent":0,"menu_order":0,"comment_status":"closed","ping_status":"closed","template":"template-gutentor-full-width.php","meta":{"footnotes":""},"class_list":["post-25","page","type-page","status-publish","hentry"],"yoast_head":"<!-- This site is optimized with the Yoast SEO plugin v27.5 - https:\/\/yoast.com\/product\/yoast-seo-wordpress\/ -->\n<title>Rozbudowa autostrady A4 od w\u0119z\u0142a Balice do ul. K\u0105pielowej w Krakowie o trzeci pas ruchu - Rozbudowa autostrady A4 od w\u0119z\u0142a Balice do ul. K\u0105pielowej w Krakowie o trzeci pas ruchu<\/title>\n<meta name=\"robots\" content=\"index, follow, max-snippet:-1, max-image-preview:large, max-video-preview:-1\" \/>\n<link rel=\"canonical\" href=\"http:\/\/a4-balice-krakowpoludnie-stes.pl\/\" \/>\n<meta property=\"og:locale\" content=\"pl_PL\" \/>\n<meta property=\"og:type\" content=\"article\" \/>\n<meta property=\"og:title\" content=\"Rozbudowa autostrady A4 od w\u0119z\u0142a Balice do ul. K\u0105pielowej w Krakowie o trzeci pas ruchu - Rozbudowa autostrady A4 od w\u0119z\u0142a Balice do ul. K\u0105pielowej w Krakowie o trzeci pas ruchu\" \/>\n<meta property=\"og:url\" content=\"http:\/\/a4-balice-krakowpoludnie-stes.pl\/\" \/>\n<meta property=\"og:site_name\" content=\"Rozbudowa autostrady A4 od w\u0119z\u0142a Balice do ul. K\u0105pielowej w Krakowie o trzeci pas ruchu\" \/>\n<meta property=\"article:modified_time\" content=\"2025-10-03T11:32:21+00:00\" \/>\n<meta property=\"og:image\" content=\"http:\/\/a4-balice-krakowpoludnie-stes.pl\/wp-content\/uploads\/2023\/01\/empty2-e1685074195343.png\" \/>\n<meta name=\"twitter:card\" content=\"summary_large_image\" \/>\n<meta name=\"twitter:label1\" content=\"Szacowany czas czytania\" \/>\n\t<meta name=\"twitter:data1\" content=\"2 minuty\" \/>\n<script type=\"application\/ld+json\" class=\"yoast-schema-graph\">{\"@context\":\"https:\\\/\\\/schema.org\",\"@graph\":[{\"@type\":\"WebPage\",\"@id\":\"http:\\\/\\\/a4-balice-krakowpoludnie-stes.pl\\\/\",\"url\":\"http:\\\/\\\/a4-balice-krakowpoludnie-stes.pl\\\/\",\"name\":\"Rozbudowa autostrady A4 od w\u0119z\u0142a Balice do ul. K\u0105pielowej w Krakowie o trzeci pas ruchu - Rozbudowa autostrady A4 od w\u0119z\u0142a Balice do ul. K\u0105pielowej w Krakowie o trzeci pas ruchu\",\"isPartOf\":{\"@id\":\"http:\\\/\\\/a4-balice-krakowpoludnie-stes.pl\\\/#website\"},\"primaryImageOfPage\":{\"@id\":\"http:\\\/\\\/a4-balice-krakowpoludnie-stes.pl\\\/#primaryimage\"},\"image\":{\"@id\":\"http:\\\/\\\/a4-balice-krakowpoludnie-stes.pl\\\/#primaryimage\"},\"thumbnailUrl\":\"http:\\\/\\\/a4-balice-krakowpoludnie-stes.pl\\\/wp-content\\\/uploads\\\/2023\\\/01\\\/empty2-e1685074195343.png\",\"datePublished\":\"2020-12-31T23:00:00+00:00\",\"dateModified\":\"2025-10-03T11:32:21+00:00\",\"breadcrumb\":{\"@id\":\"http:\\\/\\\/a4-balice-krakowpoludnie-stes.pl\\\/#breadcrumb\"},\"inLanguage\":\"pl-PL\",\"potentialAction\":[{\"@type\":\"ReadAction\",\"target\":[\"http:\\\/\\\/a4-balice-krakowpoludnie-stes.pl\\\/\"]}]},{\"@type\":\"ImageObject\",\"inLanguage\":\"pl-PL\",\"@id\":\"http:\\\/\\\/a4-balice-krakowpoludnie-stes.pl\\\/#primaryimage\",\"url\":\"http:\\\/\\\/a4-balice-krakowpoludnie-stes.pl\\\/wp-content\\\/uploads\\\/2023\\\/01\\\/empty2-e1685074195343.png\",\"contentUrl\":\"http:\\\/\\\/a4-balice-krakowpoludnie-stes.pl\\\/wp-content\\\/uploads\\\/2023\\\/01\\\/empty2-e1685074195343.png\",\"width\":2,\"height\":10},{\"@type\":\"BreadcrumbList\",\"@id\":\"http:\\\/\\\/a4-balice-krakowpoludnie-stes.pl\\\/#breadcrumb\",\"itemListElement\":[{\"@type\":\"ListItem\",\"position\":1,\"name\":\"Strona g\u0142\u00f3wna\",\"item\":\"http:\\\/\\\/a4-balice-krakowpoludnie-stes.pl\\\/\"},{\"@type\":\"ListItem\",\"position\":2,\"name\":\"Rozbudowa autostrady A4 od w\u0119z\u0142a Balice do ul. K\u0105pielowej w Krakowie o trzeci pas ruchu\"}]},{\"@type\":\"WebSite\",\"@id\":\"http:\\\/\\\/a4-balice-krakowpoludnie-stes.pl\\\/#website\",\"url\":\"http:\\\/\\\/a4-balice-krakowpoludnie-stes.pl\\\/\",\"name\":\"Rozbudowa autostrady A4 od w\u0119z\u0142a Balice do ul. K\u0105pielowej w Krakowie o trzeci pas ruchu\",\"description\":\"\",\"publisher\":{\"@id\":\"http:\\\/\\\/a4-balice-krakowpoludnie-stes.pl\\\/#organization\"},\"potentialAction\":[{\"@type\":\"SearchAction\",\"target\":{\"@type\":\"EntryPoint\",\"urlTemplate\":\"http:\\\/\\\/a4-balice-krakowpoludnie-stes.pl\\\/?s={search_term_string}\"},\"query-input\":{\"@type\":\"PropertyValueSpecification\",\"valueRequired\":true,\"valueName\":\"search_term_string\"}}],\"inLanguage\":\"pl-PL\"},{\"@type\":\"Organization\",\"@id\":\"http:\\\/\\\/a4-balice-krakowpoludnie-stes.pl\\\/#organization\",\"name\":\"Rozbudowa autostrady A4 od w\u0119z\u0142a Balice do ul. K\u0105pielowej w Krakowie o trzeci pas ruchu\",\"url\":\"http:\\\/\\\/a4-balice-krakowpoludnie-stes.pl\\\/\",\"logo\":{\"@type\":\"ImageObject\",\"inLanguage\":\"pl-PL\",\"@id\":\"http:\\\/\\\/a4-balice-krakowpoludnie-stes.pl\\\/#\\\/schema\\\/logo\\\/image\\\/\",\"url\":\"http:\\\/\\\/a4-balice-krakowpoludnie-stes.pl\\\/wp-content\\\/uploads\\\/2023\\\/01\\\/cropped-empty.png\",\"contentUrl\":\"http:\\\/\\\/a4-balice-krakowpoludnie-stes.pl\\\/wp-content\\\/uploads\\\/2023\\\/01\\\/cropped-empty.png\",\"width\":290,\"height\":96,\"caption\":\"Rozbudowa autostrady A4 od w\u0119z\u0142a Balice do ul. K\u0105pielowej w Krakowie o trzeci pas ruchu\"},\"image\":{\"@id\":\"http:\\\/\\\/a4-balice-krakowpoludnie-stes.pl\\\/#\\\/schema\\\/logo\\\/image\\\/\"}}]}<\/script>\n<!-- \/ Yoast SEO plugin. -->","yoast_head_json":{"title":"Rozbudowa autostrady A4 od w\u0119z\u0142a Balice do ul. K\u0105pielowej w Krakowie o trzeci pas ruchu - Rozbudowa autostrady A4 od w\u0119z\u0142a Balice do ul. K\u0105pielowej w Krakowie o trzeci pas ruchu","robots":{"index":"index","follow":"follow","max-snippet":"max-snippet:-1","max-image-preview":"max-image-preview:large","max-video-preview":"max-video-preview:-1"},"canonical":"http:\/\/a4-balice-krakowpoludnie-stes.pl\/","og_locale":"pl_PL","og_type":"article","og_title":"Rozbudowa autostrady A4 od w\u0119z\u0142a Balice do ul. K\u0105pielowej w Krakowie o trzeci pas ruchu - Rozbudowa autostrady A4 od w\u0119z\u0142a Balice do ul. K\u0105pielowej w Krakowie o trzeci pas ruchu","og_url":"http:\/\/a4-balice-krakowpoludnie-stes.pl\/","og_site_name":"Rozbudowa autostrady A4 od w\u0119z\u0142a Balice do ul. K\u0105pielowej w Krakowie o trzeci pas ruchu","article_modified_time":"2025-10-03T11:32:21+00:00","og_image":[{"url":"http:\/\/a4-balice-krakowpoludnie-stes.pl\/wp-content\/uploads\/2023\/01\/empty2-e1685074195343.png","type":"","width":"","height":""}],"twitter_card":"summary_large_image","twitter_misc":{"Szacowany czas czytania":"2 minuty"},"schema":{"@context":"https:\/\/schema.org","@graph":[{"@type":"WebPage","@id":"http:\/\/a4-balice-krakowpoludnie-stes.pl\/","url":"http:\/\/a4-balice-krakowpoludnie-stes.pl\/","name":"Rozbudowa autostrady A4 od w\u0119z\u0142a Balice do ul. K\u0105pielowej w Krakowie o trzeci pas ruchu - Rozbudowa autostrady A4 od w\u0119z\u0142a Balice do ul. K\u0105pielowej w Krakowie o trzeci pas ruchu","isPartOf":{"@id":"http:\/\/a4-balice-krakowpoludnie-stes.pl\/#website"},"primaryImageOfPage":{"@id":"http:\/\/a4-balice-krakowpoludnie-stes.pl\/#primaryimage"},"image":{"@id":"http:\/\/a4-balice-krakowpoludnie-stes.pl\/#primaryimage"},"thumbnailUrl":"http:\/\/a4-balice-krakowpoludnie-stes.pl\/wp-content\/uploads\/2023\/01\/empty2-e1685074195343.png","datePublished":"2020-12-31T23:00:00+00:00","dateModified":"2025-10-03T11:32:21+00:00","breadcrumb":{"@id":"http:\/\/a4-balice-krakowpoludnie-stes.pl\/#breadcrumb"},"inLanguage":"pl-PL","potentialAction":[{"@type":"ReadAction","target":["http:\/\/a4-balice-krakowpoludnie-stes.pl\/"]}]},{"@type":"ImageObject","inLanguage":"pl-PL","@id":"http:\/\/a4-balice-krakowpoludnie-stes.pl\/#primaryimage","url":"http:\/\/a4-balice-krakowpoludnie-stes.pl\/wp-content\/uploads\/2023\/01\/empty2-e1685074195343.png","contentUrl":"http:\/\/a4-balice-krakowpoludnie-stes.pl\/wp-content\/uploads\/2023\/01\/empty2-e1685074195343.png","width":2,"height":10},{"@type":"BreadcrumbList","@id":"http:\/\/a4-balice-krakowpoludnie-stes.pl\/#breadcrumb","itemListElement":[{"@type":"ListItem","position":1,"name":"Strona g\u0142\u00f3wna","item":"http:\/\/a4-balice-krakowpoludnie-stes.pl\/"},{"@type":"ListItem","position":2,"name":"Rozbudowa autostrady A4 od w\u0119z\u0142a Balice do ul. K\u0105pielowej w Krakowie o trzeci pas ruchu"}]},{"@type":"WebSite","@id":"http:\/\/a4-balice-krakowpoludnie-stes.pl\/#website","url":"http:\/\/a4-balice-krakowpoludnie-stes.pl\/","name":"Rozbudowa autostrady A4 od w\u0119z\u0142a Balice do ul. K\u0105pielowej w Krakowie o trzeci pas ruchu","description":"","publisher":{"@id":"http:\/\/a4-balice-krakowpoludnie-stes.pl\/#organization"},"potentialAction":[{"@type":"SearchAction","target":{"@type":"EntryPoint","urlTemplate":"http:\/\/a4-balice-krakowpoludnie-stes.pl\/?s={search_term_string}"},"query-input":{"@type":"PropertyValueSpecification","valueRequired":true,"valueName":"search_term_string"}}],"inLanguage":"pl-PL"},{"@type":"Organization","@id":"http:\/\/a4-balice-krakowpoludnie-stes.pl\/#organization","name":"Rozbudowa autostrady A4 od w\u0119z\u0142a Balice do ul. K\u0105pielowej w Krakowie o trzeci pas ruchu","url":"http:\/\/a4-balice-krakowpoludnie-stes.pl\/","logo":{"@type":"ImageObject","inLanguage":"pl-PL","@id":"http:\/\/a4-balice-krakowpoludnie-stes.pl\/#\/schema\/logo\/image\/","url":"http:\/\/a4-balice-krakowpoludnie-stes.pl\/wp-content\/uploads\/2023\/01\/cropped-empty.png","contentUrl":"http:\/\/a4-balice-krakowpoludnie-stes.pl\/wp-content\/uploads\/2023\/01\/cropped-empty.png","width":290,"height":96,"caption":"Rozbudowa autostrady A4 od w\u0119z\u0142a Balice do ul. K\u0105pielowej w Krakowie o trzeci pas ruchu"},"image":{"@id":"http:\/\/a4-balice-krakowpoludnie-stes.pl\/#\/schema\/logo\/image\/"}}]}},"_links":{"self":[{"href":"http:\/\/a4-balice-krakowpoludnie-stes.pl\/index.php\/wp-json\/wp\/v2\/pages\/25","targetHints":{"allow":["GET"]}}],"collection":[{"href":"http:\/\/a4-balice-krakowpoludnie-stes.pl\/index.php\/wp-json\/wp\/v2\/pages"}],"about":[{"href":"http:\/\/a4-balice-krakowpoludnie-stes.pl\/index.php\/wp-json\/wp\/v2\/types\/page"}],"author":[{"embeddable":true,"href":"http:\/\/a4-balice-krakowpoludnie-stes.pl\/index.php\/wp-json\/wp\/v2\/users\/1"}],"replies":[{"embeddable":true,"href":"http:\/\/a4-balice-krakowpoludnie-stes.pl\/index.php\/wp-json\/wp\/v2\/comments?post=25"}],"version-history":[{"count":319,"href":"http:\/\/a4-balice-krakowpoludnie-stes.pl\/index.php\/wp-json\/wp\/v2\/pages\/25\/revisions"}],"predecessor-version":[{"id":5546,"href":"http:\/\/a4-balice-krakowpoludnie-stes.pl\/index.php\/wp-json\/wp\/v2\/pages\/25\/revisions\/5546"}],"wp:attachment":[{"href":"http:\/\/a4-balice-krakowpoludnie-stes.pl\/index.php\/wp-json\/wp\/v2\/media?parent=25"}],"curies":[{"name":"wp","href":"https:\/\/api.w.org\/{rel}","templated":true}]}}