{"id":486,"date":"2021-07-04T00:00:43","date_gmt":"2021-07-03T22:00:43","guid":{"rendered":"http:\/\/obwodnicalegnicydk94.pl\/?page_id=486"},"modified":"2024-07-12T10:16:24","modified_gmt":"2024-07-12T08:16:24","slug":"spotkanie-informacyjne","status":"publish","type":"page","link":"http:\/\/a4-balice-krakowpoludnie-stes.pl\/index.php\/spotkanie-informacyjne\/","title":{"rendered":"Spotkania informacyjne"},"content":{"rendered":"\n<h3 class=\"wp-block-heading has-text-align-center\">RAPORT ZE SPOTKA\u0143 SPO\u0141ECZNYCH<\/h3>\n\n\n\n<div id=\"section-g5ab873\" class=\"wp-block-gutentor-e1 section-g5ab873 gutentor-element gutentor-element-advanced-text\"><div class=\"gutentor-text-wrap\"><p class=\"gutentor-text\">12.2023 r. &#8211; 02.2024 r. w Krakowie, Liszkach oraz Zabierzowie przeprowadzili\u015bmy spotkania informacyjne.<br>Prezentowali\u015bmy propozycje rozwi\u0105za\u0144 projektowych rozbudowy autostrady A4 i drogi ekspresowej S52c .<br>Dzi\u0119kujemy mieszka\u0144com za czynny udzia\u0142 w spotkaniach oraz zg\u0142oszone uwagi i opinie.<\/p><\/div><\/div>\n\n\n\n<section id=\"gm911e084\" class=\"wp-block-gutentor-m4 section-gm911e084 gutentor-module gutentor-advanced-columns\"><div class=\"grid-container\"><div class=\"grid-row\">\n<div id=\"col-gm069c40\" class=\"wp-block-gutentor-m4-col col-gm069c40 gutentor-single-column  grid-lg-11 grid-md-12 grid-12\"><div id=\"section-gm069c40\" class=\"section-gm069c40 gutentor-col-wrap\">\n<figure class=\"wp-block-image size-large\"><a href=\"http:\/\/a4-balice-krakowpoludnie-stes.pl\/wp-content\/uploads\/2024\/07\/Orientacja-plakat_Miejsce_Spotkan_linki-3.pdf\"><img loading=\"lazy\" decoding=\"async\" width=\"724\" height=\"1024\" src=\"http:\/\/a4-balice-krakowpoludnie-stes.pl\/wp-content\/uploads\/2024\/07\/bl-724x1024.jpg\" alt=\"\" class=\"wp-image-5492\" srcset=\"http:\/\/a4-balice-krakowpoludnie-stes.pl\/wp-content\/uploads\/2024\/07\/bl-724x1024.jpg 724w, http:\/\/a4-balice-krakowpoludnie-stes.pl\/wp-content\/uploads\/2024\/07\/bl-212x300.jpg 212w, http:\/\/a4-balice-krakowpoludnie-stes.pl\/wp-content\/uploads\/2024\/07\/bl-768x1086.jpg 768w, http:\/\/a4-balice-krakowpoludnie-stes.pl\/wp-content\/uploads\/2024\/07\/bl-1086x1536.jpg 1086w, http:\/\/a4-balice-krakowpoludnie-stes.pl\/wp-content\/uploads\/2024\/07\/bl-1449x2048.jpg 1449w, http:\/\/a4-balice-krakowpoludnie-stes.pl\/wp-content\/uploads\/2024\/07\/bl-scaled.jpg 1811w\" sizes=\"auto, (max-width: 724px) 100vw, 724px\" \/><\/a><\/figure>\n<\/div><\/div>\n\n\n\n<div id=\"col-gm21826e\" class=\"wp-block-gutentor-m4-col col-gm21826e gutentor-single-column  grid-lg-1 grid-md-12 grid-12\"><div id=\"section-gm21826e\" class=\"section-gm21826e gutentor-col-wrap\">\n<div id=\"section-gc7e19c\" class=\"wp-block-gutentor-e1 section-gc7e19c gutentor-element gutentor-element-advanced-text\"><div class=\"gutentor-text-wrap\"><p class=\"gutentor-text\"><strong>Raporty ze spotka\u0144<\/strong><\/p><\/div><\/div>\n\n\n\n<div id=\"section-gff2978\" class=\"wp-block-gutentor-e1 section-gff2978 gutentor-element gutentor-element-advanced-text\"><div class=\"gutentor-text-wrap\"><p class=\"gutentor-text\"><a href=\"http:\/\/a4-balice-krakowpoludnie-stes.pl\/wp-content\/uploads\/2024\/07\/Raport-ze-spotkan.pdf#page=16\">Spotkanie I &#8211; 12 grudnia 2023 r.<\/a><\/p><\/div><\/div>\n\n\n\n<div id=\"section-gc50503\" class=\"wp-block-gutentor-e1 section-gc50503 gutentor-element gutentor-element-advanced-text\"><div class=\"gutentor-text-wrap\"><p class=\"gutentor-text\"><a href=\"http:\/\/a4-balice-krakowpoludnie-stes.pl\/wp-content\/uploads\/2024\/07\/Raport-ze-spotkan.pdf#page=20\">Spotkanie II &#8211; 13 grudnia 2023 r.<\/a><\/p><\/div><\/div>\n\n\n\n<div id=\"section-g21ca19\" class=\"wp-block-gutentor-e1 section-g21ca19 gutentor-element gutentor-element-advanced-text\"><div class=\"gutentor-text-wrap\"><p class=\"gutentor-text\"><a href=\"http:\/\/a4-balice-krakowpoludnie-stes.pl\/wp-content\/uploads\/2024\/07\/Raport-ze-spotkan.pdf#page=24\">Spotkanie III &#8211; 14 grudnia 2023 r.<\/a><\/p><\/div><\/div>\n\n\n\n<div id=\"section-gbdfb46\" class=\"wp-block-gutentor-e1 section-gbdfb46 gutentor-element gutentor-element-advanced-text\"><div class=\"gutentor-text-wrap\"><p class=\"gutentor-text\"><a href=\"http:\/\/a4-balice-krakowpoludnie-stes.pl\/wp-content\/uploads\/2024\/07\/Raport-ze-spotkan.pdf#page=28\">Spotkanie IV &#8211; 17 stycznia 2024 r.<\/a><\/p><\/div><\/div>\n\n\n\n<div id=\"section-g283bf5\" class=\"wp-block-gutentor-e1 section-g283bf5 gutentor-element gutentor-element-advanced-text\"><div class=\"gutentor-text-wrap\"><p class=\"gutentor-text\"><a href=\"http:\/\/a4-balice-krakowpoludnie-stes.pl\/wp-content\/uploads\/2024\/07\/Raport-ze-spotkan.pdf#page=32\">Spotkanie V &#8211; 25 stycznia 2024 r.<\/a><\/p><\/div><\/div>\n\n\n\n<div id=\"section-ge7cdf2\" class=\"wp-block-gutentor-e1 section-ge7cdf2 gutentor-element gutentor-element-advanced-text\"><div class=\"gutentor-text-wrap\"><p class=\"gutentor-text\"><a href=\"http:\/\/a4-balice-krakowpoludnie-stes.pl\/wp-content\/uploads\/2024\/07\/Raport-ze-spotkan.pdf#page=36\">Spotkanie VI &#8211; 01 lutego 2024 r.<\/a><\/p><\/div><\/div>\n<\/div><\/div>\n<\/div><\/div><\/section>\n\n\n\n<div id=\"section-g473ee7\" class=\"wp-block-gutentor-e1 section-g473ee7 gutentor-element gutentor-element-advanced-text\"><div class=\"gutentor-text-wrap\"><p class=\"gutentor-text\">Publikujemy podsumowanie ze spotka\u0144 informacyjnych:<\/p><\/div><\/div>\n\n\n\n<ul class=\"wp-block-list\">\n<li><a href=\"http:\/\/a4-balice-krakowpoludnie-stes.pl\/wp-content\/uploads\/2024\/07\/Materialy-promocyjne.pdf\">Materia\u0142y promocyjne,<\/a><\/li>\n\n\n\n<li><a href=\"http:\/\/a4-balice-krakowpoludnie-stes.pl\/wp-content\/uploads\/2024\/07\/Raport-ze-spotkan.pdf\">Raport ze spotka\u0144,<\/a><\/li>\n\n\n\n<li><a href=\"http:\/\/a4-balice-krakowpoludnie-stes.pl\/wp-content\/uploads\/2024\/07\/Zbiorcze-zestawienie-wynikow.pdf\">Zbiorcze zestawienie wynik\u00f3w (statystyki)<\/a>.<\/li>\n<\/ul>\n\n\n\n<div id=\"section-g846d69\" class=\"wp-block-gutentor-e1 section-g846d69 gutentor-element gutentor-element-advanced-text\"><div class=\"gutentor-text-wrap\"><p class=\"gutentor-text\">Powy\u017cszy materia\u0142 wype\u0142nia wymagania dotycz\u0105ce zachowania przepis\u00f3w Ustawy z dnia 10 maja 2018r. o ochronie danych osobowych [Dz. U. 2018 poz. 1000]. <br><strong>Z uwagi na przepisy o ochronie danych osobowych odniesienie si\u0119 do konkretnych uwag oraz orygina\u0142y przekazanych formularzy opinii znajduj\u0105 si\u0119 u Inwestora tj. GDDKIA Oddzia\u0142 w Krakowie.<\/strong><\/p><\/div><\/div>\n\n\n\n<hr class=\"wp-block-separator has-text-color has-luminous-vivid-orange-color has-alpha-channel-opacity has-luminous-vivid-orange-background-color has-background is-style-wide\"\/>\n\n\n\n<h2 class=\"wp-block-heading has-text-align-center\">Spotkania informacyjne<\/h2>\n\n\n\n<p>Celem spotka\u0144 by\u0142o poinformowanie lokalnej spo\u0142eczno\u015bci oraz wszystkich zainteresowanych (np. organizacji ekologicznych) o planowanym przedsi\u0119wzi\u0119ciu. Spotkania informacyjne przeprowadzone by\u0142y przy udziale ka\u017cdej gminy, na terenie kt\u00f3rej projektuje si\u0119 tras\u0119.<\/p>\n\n\n\n<p>Spotkania informacyjne ze spo\u0142ecze\u0144stwem przeprowadzono w okresie 12 \u2013 15 grudnia 2023r. i obj\u0119\u0142y nast\u0119puj\u0105ce miasta i gminy wojew\u00f3dztwa ma\u0142opolskiego.<\/p>\n\n\n\n<figure class=\"wp-block-table\"><table><thead><tr><th>Data i godzina<\/th><th>Udzia\u0142 gmin<\/th><th>Dotyczy drogi<\/th><th>Miejsce spotkania<\/th><\/tr><\/thead><tbody><tr><td>12.12.2023<br>g. 17:00<\/td><td><a href=\"http:\/\/a4-balice-krakowpoludnie-stes.pl\/index.php\/2023\/12\/06\/miasto-krakow-spotkanie-informacyjne\/\">Miasto Krak\u00f3w<\/a><\/td><td>A4 i S52<\/td><td>Klub Sportowy Wr\u00f3blowianka, ul. Wr\u00f3blowicka 58, 30-698 Krak\u00f3w<\/td><\/tr><tr><td>13.12.2023<br>g. 17:00<\/td><td><a href=\"http:\/\/a4-balice-krakowpoludnie-stes.pl\/index.php\/2023\/12\/07\/gmina-liszki-spotkanie-informacyjne\/\">Liszki<\/a><\/td><td>A4 i S52<\/td><td>Szko\u0142a Podstawowa im. \u015aw. Jana Kantego w Liszkach, ul. Szkolna 50, 32-060 Liszki<\/td><\/tr><tr><td>14.12.2023<br>g. 16:00<\/td><td><a href=\"http:\/\/a4-balice-krakowpoludnie-stes.pl\/index.php\/2023\/12\/06\/gmina-zabierzow-spotkanie-informacyjne\/\">Zabierz\u00f3w<\/a><\/td><td>A4 i S52<\/td><td>Urz\u0105d Gminy Zabierz\u00f3w, Sala obrad \u2013 I pi\u0119tro, Rynek 1, 32-080 Zabierz\u00f3w<\/td><\/tr><tr><td>15.12.2023<br>g. 17:00<\/td><td><a href=\"http:\/\/a4-balice-krakowpoludnie-stes.pl\/index.php\/2023\/12\/06\/gmina-wielka-wies-i-zabierzow-spotkanie-informacyjne\/\">Wielka Wie\u015b i Zabierz\u00f3w<\/a><\/td><td>S52<\/td><td>Urz\u0105d Gminy, Sala Rady Gminy (parter) \u2013 Plac Wsp\u00f3lnoty 1, 32-085 Szyce<\/td><\/tr><\/tbody><\/table><\/figure>\n\n\n\n<div id=\"section-g224066\" class=\"wp-block-gutentor-e1 section-g224066 gutentor-element gutentor-element-advanced-text\"><div class=\"gutentor-text-wrap\"><h4 class=\"gutentor-text\">Decyzj\u0105 Zamawiaj\u0105cego na wniosek mieszka\u0144c\u00f3w, organizujemy dodatkowe spotkania dla mieszka\u0144c\u00f3w po\u0142udniowo \u2013 zachodnich dzielnic Krakowa.<\/h4><\/div><\/div>\n\n\n\n<figure class=\"wp-block-table\"><table><thead><tr><th>Data i godzina<\/th><th>Udzia\u0142 gmin<\/th><th>Dotyczy drogi<\/th><th>Miejsce spotkania<\/th><\/tr><\/thead><tbody><tr><td>17.01.2024 <br>g. 18:00<\/td><td><a href=\"http:\/\/a4-balice-krakowpoludnie-stes.pl\/index.php\/2024\/01\/04\/miasto-krakow-17-01-2024\/\">Miasto Krak\u00f3w<\/a><\/td><td>A4 i S52<\/td><td>Szko\u0142a podstawowa nr 132, ul. Benedykty\u0144ska 4, 30-398 Krak\u00f3w<\/td><\/tr><tr><td>25.01.2024<br>g. 18:00<\/td><td><a href=\"http:\/\/a4-balice-krakowpoludnie-stes.pl\/index.php\/2024\/01\/04\/miasto-krakow-25-01-2024\/\">Miasto Krak\u00f3w<\/a><\/td><td>A4 i S52<\/td><td>Fort Borek, ul. Forteczna 146, 30-437 Krak\u00f3w<\/td><\/tr><\/tbody><\/table><\/figure>\n\n\n\n<div id=\"section-g597b52\" class=\"wp-block-gutentor-e1 section-g597b52 gutentor-element gutentor-element-advanced-text\"><div class=\"gutentor-text-wrap\"><h4 class=\"gutentor-text\">Decyzj\u0105 Zamawiaj\u0105cego na wniosek mieszka\u0144c\u00f3w, organizujemy dodatkowe spotkanie dla mieszka\u0144c\u00f3w Krakowa.<\/h4><\/div><\/div>\n\n\n\n<figure class=\"wp-block-table\"><table><thead><tr><th>Data i godzina<\/th><th>Udzia\u0142 gmin<\/th><th>Dotyczy drogi<\/th><th>Miejsce spotkania<\/th><\/tr><\/thead><tbody><tr><td>01.02.2024<br>g. 18:00<\/td><td><a href=\"http:\/\/a4-balice-krakowpoludnie-stes.pl\/index.php\/2024\/01\/26\/miasto-krakow-01-02-2024\/\">Miasto Krak\u00f3w<\/a><\/td><td>A4 i S52<\/td><td>Szko\u0142a Podstawowa nr 48, ul. Ksi\u0119cia J\u00f3zefa 334, 30-243 Krak\u00f3w<\/td><\/tr><\/tbody><\/table><\/figure>\n\n\n\n<p>Po ka\u017cdym spotkaniu uczestnicy oraz zainteresowani mieszka\u0144cy mieli mo\u017cliwo\u015b\u0107 wype\u0142nienia formularza i przekazania uwag do lokalizacji i przebiegu inwestycji.<\/p>\n","protected":false},"excerpt":{"rendered":"<p>RAPORT ZE SPOTKA\u0143 SPO\u0141ECZNYCH Spotkania informacyjne Celem spotka\u0144 by\u0142o poinformowanie lokalnej spo\u0142eczno\u015bci oraz wszystkich zainteresowanych (np. organizacji ekologicznych) o planowanym przedsi\u0119wzi\u0119ciu. Spotkania informacyjne przeprowadzone by\u0142y przy udziale ka\u017cdej gminy, na terenie kt\u00f3rej projektuje si\u0119 tras\u0119. Spotkania informacyjne ze spo\u0142ecze\u0144stwem przeprowadzono w okresie 12 \u2013 15 grudnia 2023r. i obj\u0119\u0142y nast\u0119puj\u0105ce miasta i gminy wojew\u00f3dztwa ma\u0142opolskiego. Data i godzina Udzia\u0142 gmin Dotyczy drogi Miejsce spotkania 12.12.2023g. 17:00 Miasto Krak\u00f3w A4 i&hellip;<\/p>\n","protected":false},"author":1,"featured_media":0,"parent":0,"menu_order":0,"comment_status":"closed","ping_status":"closed","template":"","meta":{"footnotes":""},"class_list":["post-486","page","type-page","status-publish","hentry"],"yoast_head":"<!-- This site is optimized with the Yoast SEO plugin v27.5 - https:\/\/yoast.com\/product\/yoast-seo-wordpress\/ -->\n<title>Spotkania informacyjne - Rozbudowa autostrady A4 od w\u0119z\u0142a Balice do ul. K\u0105pielowej w Krakowie o trzeci pas ruchu<\/title>\n<meta name=\"robots\" content=\"index, follow, max-snippet:-1, max-image-preview:large, max-video-preview:-1\" \/>\n<link rel=\"canonical\" href=\"http:\/\/a4-balice-krakowpoludnie-stes.pl\/index.php\/spotkanie-informacyjne\/\" \/>\n<meta property=\"og:locale\" content=\"pl_PL\" \/>\n<meta property=\"og:type\" content=\"article\" \/>\n<meta property=\"og:title\" content=\"Spotkania informacyjne - Rozbudowa autostrady A4 od w\u0119z\u0142a Balice do ul. K\u0105pielowej w Krakowie o trzeci pas ruchu\" \/>\n<meta property=\"og:description\" content=\"RAPORT ZE SPOTKA\u0143 SPO\u0141ECZNYCH Spotkania informacyjne Celem spotka\u0144 by\u0142o poinformowanie lokalnej spo\u0142eczno\u015bci oraz wszystkich zainteresowanych (np. organizacji ekologicznych) o planowanym przedsi\u0119wzi\u0119ciu. Spotkania informacyjne przeprowadzone by\u0142y przy udziale ka\u017cdej gminy, na terenie kt\u00f3rej projektuje si\u0119 tras\u0119. Spotkania informacyjne ze spo\u0142ecze\u0144stwem przeprowadzono w okresie 12 \u2013 15 grudnia 2023r. i obj\u0119\u0142y nast\u0119puj\u0105ce miasta i gminy wojew\u00f3dztwa ma\u0142opolskiego. Data i godzina Udzia\u0142 gmin Dotyczy drogi Miejsce spotkania 12.12.2023g. 17:00 Miasto Krak\u00f3w A4 i&hellip;\" \/>\n<meta property=\"og:url\" content=\"http:\/\/a4-balice-krakowpoludnie-stes.pl\/index.php\/spotkanie-informacyjne\/\" \/>\n<meta property=\"og:site_name\" content=\"Rozbudowa autostrady A4 od w\u0119z\u0142a Balice do ul. K\u0105pielowej w Krakowie o trzeci pas ruchu\" \/>\n<meta property=\"article:modified_time\" content=\"2024-07-12T08:16:24+00:00\" \/>\n<meta property=\"og:image\" content=\"http:\/\/a4-balice-krakowpoludnie-stes.pl\/wp-content\/uploads\/2024\/07\/bl-724x1024.jpg\" \/>\n<meta name=\"twitter:card\" content=\"summary_large_image\" \/>\n<meta name=\"twitter:label1\" content=\"Szacowany czas czytania\" \/>\n\t<meta name=\"twitter:data1\" content=\"3 minuty\" \/>\n<script type=\"application\/ld+json\" class=\"yoast-schema-graph\">{\"@context\":\"https:\\\/\\\/schema.org\",\"@graph\":[{\"@type\":\"WebPage\",\"@id\":\"http:\\\/\\\/a4-balice-krakowpoludnie-stes.pl\\\/index.php\\\/spotkanie-informacyjne\\\/\",\"url\":\"http:\\\/\\\/a4-balice-krakowpoludnie-stes.pl\\\/index.php\\\/spotkanie-informacyjne\\\/\",\"name\":\"Spotkania informacyjne - Rozbudowa autostrady A4 od w\u0119z\u0142a Balice do ul. K\u0105pielowej w Krakowie o trzeci pas ruchu\",\"isPartOf\":{\"@id\":\"http:\\\/\\\/a4-balice-krakowpoludnie-stes.pl\\\/#website\"},\"primaryImageOfPage\":{\"@id\":\"http:\\\/\\\/a4-balice-krakowpoludnie-stes.pl\\\/index.php\\\/spotkanie-informacyjne\\\/#primaryimage\"},\"image\":{\"@id\":\"http:\\\/\\\/a4-balice-krakowpoludnie-stes.pl\\\/index.php\\\/spotkanie-informacyjne\\\/#primaryimage\"},\"thumbnailUrl\":\"http:\\\/\\\/a4-balice-krakowpoludnie-stes.pl\\\/wp-content\\\/uploads\\\/2024\\\/07\\\/bl-724x1024.jpg\",\"datePublished\":\"2021-07-03T22:00:43+00:00\",\"dateModified\":\"2024-07-12T08:16:24+00:00\",\"breadcrumb\":{\"@id\":\"http:\\\/\\\/a4-balice-krakowpoludnie-stes.pl\\\/index.php\\\/spotkanie-informacyjne\\\/#breadcrumb\"},\"inLanguage\":\"pl-PL\",\"potentialAction\":[{\"@type\":\"ReadAction\",\"target\":[\"http:\\\/\\\/a4-balice-krakowpoludnie-stes.pl\\\/index.php\\\/spotkanie-informacyjne\\\/\"]}]},{\"@type\":\"ImageObject\",\"inLanguage\":\"pl-PL\",\"@id\":\"http:\\\/\\\/a4-balice-krakowpoludnie-stes.pl\\\/index.php\\\/spotkanie-informacyjne\\\/#primaryimage\",\"url\":\"http:\\\/\\\/a4-balice-krakowpoludnie-stes.pl\\\/wp-content\\\/uploads\\\/2024\\\/07\\\/bl-scaled.jpg\",\"contentUrl\":\"http:\\\/\\\/a4-balice-krakowpoludnie-stes.pl\\\/wp-content\\\/uploads\\\/2024\\\/07\\\/bl-scaled.jpg\",\"width\":1811,\"height\":2560},{\"@type\":\"BreadcrumbList\",\"@id\":\"http:\\\/\\\/a4-balice-krakowpoludnie-stes.pl\\\/index.php\\\/spotkanie-informacyjne\\\/#breadcrumb\",\"itemListElement\":[{\"@type\":\"ListItem\",\"position\":1,\"name\":\"Strona g\u0142\u00f3wna\",\"item\":\"http:\\\/\\\/a4-balice-krakowpoludnie-stes.pl\\\/\"},{\"@type\":\"ListItem\",\"position\":2,\"name\":\"Spotkania informacyjne\"}]},{\"@type\":\"WebSite\",\"@id\":\"http:\\\/\\\/a4-balice-krakowpoludnie-stes.pl\\\/#website\",\"url\":\"http:\\\/\\\/a4-balice-krakowpoludnie-stes.pl\\\/\",\"name\":\"Rozbudowa autostrady A4 od w\u0119z\u0142a Balice do ul. K\u0105pielowej w Krakowie o trzeci pas ruchu\",\"description\":\"\",\"publisher\":{\"@id\":\"http:\\\/\\\/a4-balice-krakowpoludnie-stes.pl\\\/#organization\"},\"potentialAction\":[{\"@type\":\"SearchAction\",\"target\":{\"@type\":\"EntryPoint\",\"urlTemplate\":\"http:\\\/\\\/a4-balice-krakowpoludnie-stes.pl\\\/?s={search_term_string}\"},\"query-input\":{\"@type\":\"PropertyValueSpecification\",\"valueRequired\":true,\"valueName\":\"search_term_string\"}}],\"inLanguage\":\"pl-PL\"},{\"@type\":\"Organization\",\"@id\":\"http:\\\/\\\/a4-balice-krakowpoludnie-stes.pl\\\/#organization\",\"name\":\"Rozbudowa autostrady A4 od w\u0119z\u0142a Balice do ul. K\u0105pielowej w Krakowie o trzeci pas ruchu\",\"url\":\"http:\\\/\\\/a4-balice-krakowpoludnie-stes.pl\\\/\",\"logo\":{\"@type\":\"ImageObject\",\"inLanguage\":\"pl-PL\",\"@id\":\"http:\\\/\\\/a4-balice-krakowpoludnie-stes.pl\\\/#\\\/schema\\\/logo\\\/image\\\/\",\"url\":\"http:\\\/\\\/a4-balice-krakowpoludnie-stes.pl\\\/wp-content\\\/uploads\\\/2023\\\/01\\\/cropped-empty.png\",\"contentUrl\":\"http:\\\/\\\/a4-balice-krakowpoludnie-stes.pl\\\/wp-content\\\/uploads\\\/2023\\\/01\\\/cropped-empty.png\",\"width\":290,\"height\":96,\"caption\":\"Rozbudowa autostrady A4 od w\u0119z\u0142a Balice do ul. K\u0105pielowej w Krakowie o trzeci pas ruchu\"},\"image\":{\"@id\":\"http:\\\/\\\/a4-balice-krakowpoludnie-stes.pl\\\/#\\\/schema\\\/logo\\\/image\\\/\"}}]}<\/script>\n<!-- \/ Yoast SEO plugin. -->","yoast_head_json":{"title":"Spotkania informacyjne - Rozbudowa autostrady A4 od w\u0119z\u0142a Balice do ul. K\u0105pielowej w Krakowie o trzeci pas ruchu","robots":{"index":"index","follow":"follow","max-snippet":"max-snippet:-1","max-image-preview":"max-image-preview:large","max-video-preview":"max-video-preview:-1"},"canonical":"http:\/\/a4-balice-krakowpoludnie-stes.pl\/index.php\/spotkanie-informacyjne\/","og_locale":"pl_PL","og_type":"article","og_title":"Spotkania informacyjne - Rozbudowa autostrady A4 od w\u0119z\u0142a Balice do ul. K\u0105pielowej w Krakowie o trzeci pas ruchu","og_description":"RAPORT ZE SPOTKA\u0143 SPO\u0141ECZNYCH Spotkania informacyjne Celem spotka\u0144 by\u0142o poinformowanie lokalnej spo\u0142eczno\u015bci oraz wszystkich zainteresowanych (np. organizacji ekologicznych) o planowanym przedsi\u0119wzi\u0119ciu. Spotkania informacyjne przeprowadzone by\u0142y przy udziale ka\u017cdej gminy, na terenie kt\u00f3rej projektuje si\u0119 tras\u0119. Spotkania informacyjne ze spo\u0142ecze\u0144stwem przeprowadzono w okresie 12 \u2013 15 grudnia 2023r. i obj\u0119\u0142y nast\u0119puj\u0105ce miasta i gminy wojew\u00f3dztwa ma\u0142opolskiego. Data i godzina Udzia\u0142 gmin Dotyczy drogi Miejsce spotkania 12.12.2023g. 17:00 Miasto Krak\u00f3w A4 i&hellip;","og_url":"http:\/\/a4-balice-krakowpoludnie-stes.pl\/index.php\/spotkanie-informacyjne\/","og_site_name":"Rozbudowa autostrady A4 od w\u0119z\u0142a Balice do ul. K\u0105pielowej w Krakowie o trzeci pas ruchu","article_modified_time":"2024-07-12T08:16:24+00:00","og_image":[{"url":"http:\/\/a4-balice-krakowpoludnie-stes.pl\/wp-content\/uploads\/2024\/07\/bl-724x1024.jpg","type":"","width":"","height":""}],"twitter_card":"summary_large_image","twitter_misc":{"Szacowany czas czytania":"3 minuty"},"schema":{"@context":"https:\/\/schema.org","@graph":[{"@type":"WebPage","@id":"http:\/\/a4-balice-krakowpoludnie-stes.pl\/index.php\/spotkanie-informacyjne\/","url":"http:\/\/a4-balice-krakowpoludnie-stes.pl\/index.php\/spotkanie-informacyjne\/","name":"Spotkania informacyjne - Rozbudowa autostrady A4 od w\u0119z\u0142a Balice do ul. K\u0105pielowej w Krakowie o trzeci pas ruchu","isPartOf":{"@id":"http:\/\/a4-balice-krakowpoludnie-stes.pl\/#website"},"primaryImageOfPage":{"@id":"http:\/\/a4-balice-krakowpoludnie-stes.pl\/index.php\/spotkanie-informacyjne\/#primaryimage"},"image":{"@id":"http:\/\/a4-balice-krakowpoludnie-stes.pl\/index.php\/spotkanie-informacyjne\/#primaryimage"},"thumbnailUrl":"http:\/\/a4-balice-krakowpoludnie-stes.pl\/wp-content\/uploads\/2024\/07\/bl-724x1024.jpg","datePublished":"2021-07-03T22:00:43+00:00","dateModified":"2024-07-12T08:16:24+00:00","breadcrumb":{"@id":"http:\/\/a4-balice-krakowpoludnie-stes.pl\/index.php\/spotkanie-informacyjne\/#breadcrumb"},"inLanguage":"pl-PL","potentialAction":[{"@type":"ReadAction","target":["http:\/\/a4-balice-krakowpoludnie-stes.pl\/index.php\/spotkanie-informacyjne\/"]}]},{"@type":"ImageObject","inLanguage":"pl-PL","@id":"http:\/\/a4-balice-krakowpoludnie-stes.pl\/index.php\/spotkanie-informacyjne\/#primaryimage","url":"http:\/\/a4-balice-krakowpoludnie-stes.pl\/wp-content\/uploads\/2024\/07\/bl-scaled.jpg","contentUrl":"http:\/\/a4-balice-krakowpoludnie-stes.pl\/wp-content\/uploads\/2024\/07\/bl-scaled.jpg","width":1811,"height":2560},{"@type":"BreadcrumbList","@id":"http:\/\/a4-balice-krakowpoludnie-stes.pl\/index.php\/spotkanie-informacyjne\/#breadcrumb","itemListElement":[{"@type":"ListItem","position":1,"name":"Strona g\u0142\u00f3wna","item":"http:\/\/a4-balice-krakowpoludnie-stes.pl\/"},{"@type":"ListItem","position":2,"name":"Spotkania informacyjne"}]},{"@type":"WebSite","@id":"http:\/\/a4-balice-krakowpoludnie-stes.pl\/#website","url":"http:\/\/a4-balice-krakowpoludnie-stes.pl\/","name":"Rozbudowa autostrady A4 od w\u0119z\u0142a Balice do ul. K\u0105pielowej w Krakowie o trzeci pas ruchu","description":"","publisher":{"@id":"http:\/\/a4-balice-krakowpoludnie-stes.pl\/#organization"},"potentialAction":[{"@type":"SearchAction","target":{"@type":"EntryPoint","urlTemplate":"http:\/\/a4-balice-krakowpoludnie-stes.pl\/?s={search_term_string}"},"query-input":{"@type":"PropertyValueSpecification","valueRequired":true,"valueName":"search_term_string"}}],"inLanguage":"pl-PL"},{"@type":"Organization","@id":"http:\/\/a4-balice-krakowpoludnie-stes.pl\/#organization","name":"Rozbudowa autostrady A4 od w\u0119z\u0142a Balice do ul. K\u0105pielowej w Krakowie o trzeci pas ruchu","url":"http:\/\/a4-balice-krakowpoludnie-stes.pl\/","logo":{"@type":"ImageObject","inLanguage":"pl-PL","@id":"http:\/\/a4-balice-krakowpoludnie-stes.pl\/#\/schema\/logo\/image\/","url":"http:\/\/a4-balice-krakowpoludnie-stes.pl\/wp-content\/uploads\/2023\/01\/cropped-empty.png","contentUrl":"http:\/\/a4-balice-krakowpoludnie-stes.pl\/wp-content\/uploads\/2023\/01\/cropped-empty.png","width":290,"height":96,"caption":"Rozbudowa autostrady A4 od w\u0119z\u0142a Balice do ul. K\u0105pielowej w Krakowie o trzeci pas ruchu"},"image":{"@id":"http:\/\/a4-balice-krakowpoludnie-stes.pl\/#\/schema\/logo\/image\/"}}]}},"_links":{"self":[{"href":"http:\/\/a4-balice-krakowpoludnie-stes.pl\/index.php\/wp-json\/wp\/v2\/pages\/486","targetHints":{"allow":["GET"]}}],"collection":[{"href":"http:\/\/a4-balice-krakowpoludnie-stes.pl\/index.php\/wp-json\/wp\/v2\/pages"}],"about":[{"href":"http:\/\/a4-balice-krakowpoludnie-stes.pl\/index.php\/wp-json\/wp\/v2\/types\/page"}],"author":[{"embeddable":true,"href":"http:\/\/a4-balice-krakowpoludnie-stes.pl\/index.php\/wp-json\/wp\/v2\/users\/1"}],"replies":[{"embeddable":true,"href":"http:\/\/a4-balice-krakowpoludnie-stes.pl\/index.php\/wp-json\/wp\/v2\/comments?post=486"}],"version-history":[{"count":37,"href":"http:\/\/a4-balice-krakowpoludnie-stes.pl\/index.php\/wp-json\/wp\/v2\/pages\/486\/revisions"}],"predecessor-version":[{"id":5531,"href":"http:\/\/a4-balice-krakowpoludnie-stes.pl\/index.php\/wp-json\/wp\/v2\/pages\/486\/revisions\/5531"}],"wp:attachment":[{"href":"http:\/\/a4-balice-krakowpoludnie-stes.pl\/index.php\/wp-json\/wp\/v2\/media?parent=486"}],"curies":[{"name":"wp","href":"https:\/\/api.w.org\/{rel}","templated":true}]}}